{"version":"1.0","provider_name":"Lyc\u00e9e International Barcelona \u00b7 Bon Soleil","provider_url":"https:\/\/bonsoleil.es\/es\/","title":"III\u00e8me \u00e9dition du concours d\u2019\u00e9criture - Lyc\u00e9e International Barcelona \u00b7 Bon Soleil","type":"rich","width":600,"height":338,"html":"<blockquote class=\"wp-embedded-content\" data-secret=\"SPoctxvW6T\"><a href=\"https:\/\/bonsoleil.es\/es\/iiio-edition-du-concours-decriture\/\">III\u00e8me \u00e9dition du concours d\u2019\u00e9criture<\/a><\/blockquote><iframe sandbox=\"allow-scripts\" security=\"restricted\" src=\"https:\/\/bonsoleil.es\/es\/iiio-edition-du-concours-decriture\/embed\/#?secret=SPoctxvW6T\" width=\"600\" height=\"338\" title=\"\u00abIII\u00e8me \u00e9dition du concours d\u2019\u00e9criture\u00bb \u2014 Lyc\u00e9e International Barcelona \u00b7 Bon Soleil\" data-secret=\"SPoctxvW6T\" frameborder=\"0\" marginwidth=\"0\" marginheight=\"0\" scrolling=\"no\" class=\"wp-embedded-content\"><\/iframe><script type=\"text\/javascript\">\n\/* <![CDATA[ *\/\n\/*! This file is auto-generated *\/\n!function(d,l){\"use strict\";l.querySelector&&d.addEventListener&&\"undefined\"!=typeof URL&&(d.wp=d.wp||{},d.wp.receiveEmbedMessage||(d.wp.receiveEmbedMessage=function(e){var t=e.data;if((t||t.secret||t.message||t.value)&&!\/[^a-zA-Z0-9]\/.test(t.secret)){for(var s,r,n,a=l.querySelectorAll('iframe[data-secret=\"'+t.secret+'\"]'),o=l.querySelectorAll('blockquote[data-secret=\"'+t.secret+'\"]'),c=new RegExp(\"^https?:$\",\"i\"),i=0;i<o.length;i++)o[i].style.display=\"none\";for(i=0;i<a.length;i++)s=a[i],e.source===s.contentWindow&&(s.removeAttribute(\"style\"),\"height\"===t.message?(1e3<(r=parseInt(t.value,10))?r=1e3:~~r<200&&(r=200),s.height=r):\"link\"===t.message&&(r=new URL(s.getAttribute(\"src\")),n=new URL(t.value),c.test(n.protocol))&&n.host===r.host&&l.activeElement===s&&(d.top.location.href=t.value))}},d.addEventListener(\"message\",d.wp.receiveEmbedMessage,!1),l.addEventListener(\"DOMContentLoaded\",function(){for(var e,t,s=l.querySelectorAll(\"iframe.wp-embedded-content\"),r=0;r<s.length;r++)(t=(e=s[r]).getAttribute(\"data-secret\"))||(t=Math.random().toString(36).substring(2,12),e.src+=\"#?secret=\"+t,e.setAttribute(\"data-secret\",t)),e.contentWindow.postMessage({message:\"ready\",secret:t},\"*\")},!1)))}(window,document);\n\/\/# sourceURL=https:\/\/bonsoleil.es\/web\/wp-includes\/js\/wp-embed.min.js\n\/* ]]> *\/\n<\/script>\n","thumbnail_url":"https:\/\/bonsoleil.es\/web\/wp-content\/uploads\/2022\/06\/imagen_video_dest.jpg","thumbnail_width":600,"thumbnail_height":320,"description":"Pour la troisi\u00e8me ann\u00e9e cons\u00e9cutive, nos \u00e9l\u00e8ves de CP \u00e0 6\u00e8me ont particip\u00e9 au concours d\u2019\u00e9criture de l\u2019\u00e9cole, l\u2019objectif p\u00e9dagogique \u00e9tant de leur permettre de r\u00e9investir les outils de r\u00e9daction travaill\u00e9s tout au long de leur cursus, du cycle 2 au cycle 3."}