{"version":"1.0","provider_name":"Lyc\u00e9e International Barcelona \u00b7 Bon Soleil","provider_url":"https:\/\/bonsoleil.es\/es\/","title":"Journ\u00e9e internationale de la francophonie - Lyc\u00e9e International Barcelona \u00b7 Bon Soleil","type":"rich","width":600,"height":338,"html":"<blockquote class=\"wp-embedded-content\" data-secret=\"s6SEZ7YIM1\"><a href=\"https:\/\/bonsoleil.es\/es\/journee-internationale-de-la-francophonie\/\">Journ\u00e9e internationale de la francophonie<\/a><\/blockquote><iframe sandbox=\"allow-scripts\" security=\"restricted\" src=\"https:\/\/bonsoleil.es\/es\/journee-internationale-de-la-francophonie\/embed\/#?secret=s6SEZ7YIM1\" width=\"600\" height=\"338\" title=\"\u00abJourn\u00e9e internationale de la francophonie\u00bb \u2014 Lyc\u00e9e International Barcelona \u00b7 Bon Soleil\" data-secret=\"s6SEZ7YIM1\" frameborder=\"0\" marginwidth=\"0\" marginheight=\"0\" scrolling=\"no\" class=\"wp-embedded-content\"><\/iframe><script type=\"text\/javascript\">\n\/* <![CDATA[ *\/\n\/*! This file is auto-generated *\/\n!function(d,l){\"use strict\";l.querySelector&&d.addEventListener&&\"undefined\"!=typeof URL&&(d.wp=d.wp||{},d.wp.receiveEmbedMessage||(d.wp.receiveEmbedMessage=function(e){var t=e.data;if((t||t.secret||t.message||t.value)&&!\/[^a-zA-Z0-9]\/.test(t.secret)){for(var s,r,n,a=l.querySelectorAll('iframe[data-secret=\"'+t.secret+'\"]'),o=l.querySelectorAll('blockquote[data-secret=\"'+t.secret+'\"]'),c=new RegExp(\"^https?:$\",\"i\"),i=0;i<o.length;i++)o[i].style.display=\"none\";for(i=0;i<a.length;i++)s=a[i],e.source===s.contentWindow&&(s.removeAttribute(\"style\"),\"height\"===t.message?(1e3<(r=parseInt(t.value,10))?r=1e3:~~r<200&&(r=200),s.height=r):\"link\"===t.message&&(r=new URL(s.getAttribute(\"src\")),n=new URL(t.value),c.test(n.protocol))&&n.host===r.host&&l.activeElement===s&&(d.top.location.href=t.value))}},d.addEventListener(\"message\",d.wp.receiveEmbedMessage,!1),l.addEventListener(\"DOMContentLoaded\",function(){for(var e,t,s=l.querySelectorAll(\"iframe.wp-embedded-content\"),r=0;r<s.length;r++)(t=(e=s[r]).getAttribute(\"data-secret\"))||(t=Math.random().toString(36).substring(2,12),e.src+=\"#?secret=\"+t,e.setAttribute(\"data-secret\",t)),e.contentWindow.postMessage({message:\"ready\",secret:t},\"*\")},!1)))}(window,document);\n\/\/# sourceURL=https:\/\/bonsoleil.es\/web\/wp-includes\/js\/wp-embed.min.js\n\/* ]]> *\/\n<\/script>\n","thumbnail_url":"https:\/\/bonsoleil.es\/web\/wp-content\/uploads\/2024\/03\/1-22.jpg","thumbnail_width":1080,"thumbnail_height":1080,"description":"\u00c0 l'occasion de la journ\u00e9e internationale de la francophonie c\u00e9l\u00e9br\u00e9e le 20 mars, ainsi que de la journ\u00e9e internationale du bonheur, les 2nde A ont rejoint les 321 millions de francophones dans le monde afin de marquer l\u2019\u00e9v\u00e8nement \u00e0 leur fa\u00e7on ! Repr\u00e9sentant le Japon aux olympiades cette ann\u00e9e, ils se sont appliqu\u00e9s \u00e0 r\u00e9diger des Ha\u00efkus en fran\u00e7ais, afin de diffuser \u00e0 travers cet art japonais des messages de bonheur, de paix, de fraternit\u00e9 et de libert\u00e9 !\u00a0"}